{"id":19021,"date":"2024-04-01T14:23:28","date_gmt":"2024-04-01T14:23:28","guid":{"rendered":"https:\/\/proper.dev-factory.ro\/?page_id=19021"},"modified":"2024-05-16T09:03:33","modified_gmt":"2024-05-16T09:03:33","slug":"about","status":"publish","type":"page","link":"https:\/\/properproperties.ro\/ro\/cubes\/about\/","title":{"rendered":"About Cubes"},"content":{"rendered":"<div data-elementor-type=\"wp-page\" data-elementor-id=\"19021\" class=\"elementor elementor-19021\">\n\t\t\t\t<div class=\"elementor-element elementor-element-6395f2e animated-slow e-flex e-con-boxed elementor-invisible e-con e-parent\" data-id=\"6395f2e\" data-element_type=\"container\" data-settings=\"{&quot;background_background&quot;:&quot;classic&quot;,&quot;animation&quot;:&quot;fadeIn&quot;}\" data-core-v316-plus=\"true\">\n\t\t\t\t\t<div class=\"e-con-inner\">\n\t\t<div class=\"elementor-element elementor-element-98e4146 e-con-full e-flex e-con e-child\" data-id=\"98e4146\" data-element_type=\"container\">\n\t\t\t\t<div class=\"elementor-element elementor-element-03c051f elementor-invisible elementor-widget elementor-widget-heading\" data-id=\"03c051f\" data-element_type=\"widget\" data-settings=\"{&quot;_animation&quot;:&quot;fadeInDown&quot;}\" data-widget_type=\"heading.default\">\n\t\t\t\t<div class=\"elementor-widget-container\">\n\t\t\t<style>\/*! elementor - v3.20.0 - 13-03-2024 *\/\n.elementor-heading-title{padding:0;margin:0;line-height:1}.elementor-widget-heading .elementor-heading-title[class*=elementor-size-]>a{color:inherit;font-size:inherit;line-height:inherit}.elementor-widget-heading .elementor-heading-title.elementor-size-small{font-size:15px}.elementor-widget-heading .elementor-heading-title.elementor-size-medium{font-size:19px}.elementor-widget-heading .elementor-heading-title.elementor-size-large{font-size:29px}.elementor-widget-heading .elementor-heading-title.elementor-size-xl{font-size:39px}.elementor-widget-heading .elementor-heading-title.elementor-size-xxl{font-size:59px}<\/style><h1 class=\"elementor-heading-title elementor-size-default\">Despre CUBES<\/h1>\t\t<\/div>\n\t\t\t\t<\/div>\n\t\t\t\t<\/div>\n\t\t\t\t\t<\/div>\n\t\t\t\t<\/div>\n\t\t\t\t<section class=\"elementor-section elementor-top-section elementor-element elementor-element-09038dc elementor-section-boxed elementor-section-height-default elementor-section-height-default\" data-id=\"09038dc\" data-element_type=\"section\" data-settings=\"{&quot;background_background&quot;:&quot;classic&quot;}\">\n\t\t\t\t\t\t<div class=\"elementor-container elementor-column-gap-default\">\n\t\t\t\t\t<div class=\"elementor-column elementor-col-50 elementor-top-column elementor-element elementor-element-c8278ac\" data-id=\"c8278ac\" data-element_type=\"column\">\n\t\t\t<div class=\"elementor-widget-wrap elementor-element-populated\">\n\t\t\t\t\t\t<div class=\"elementor-element elementor-element-3271868 elementor-widget elementor-widget-spacer\" data-id=\"3271868\" data-element_type=\"widget\" data-widget_type=\"spacer.default\">\n\t\t\t\t<div class=\"elementor-widget-container\">\n\t\t\t<style>\/*! elementor - v3.20.0 - 13-03-2024 *\/\n.elementor-column .elementor-spacer-inner{height:var(--spacer-size)}.e-con{--container-widget-width:100%}.e-con-inner>.elementor-widget-spacer,.e-con>.elementor-widget-spacer{width:var(--container-widget-width,var(--spacer-size));--align-self:var(--container-widget-align-self,initial);--flex-shrink:0}.e-con-inner>.elementor-widget-spacer>.elementor-widget-container,.e-con>.elementor-widget-spacer>.elementor-widget-container{height:100%;width:100%}.e-con-inner>.elementor-widget-spacer>.elementor-widget-container>.elementor-spacer,.e-con>.elementor-widget-spacer>.elementor-widget-container>.elementor-spacer{height:100%}.e-con-inner>.elementor-widget-spacer>.elementor-widget-container>.elementor-spacer>.elementor-spacer-inner,.e-con>.elementor-widget-spacer>.elementor-widget-container>.elementor-spacer>.elementor-spacer-inner{height:var(--container-widget-height,var(--spacer-size))}.e-con-inner>.elementor-widget-spacer.elementor-widget-empty,.e-con>.elementor-widget-spacer.elementor-widget-empty{position:relative;min-height:22px;min-width:22px}.e-con-inner>.elementor-widget-spacer.elementor-widget-empty .elementor-widget-empty-icon,.e-con>.elementor-widget-spacer.elementor-widget-empty .elementor-widget-empty-icon{position:absolute;top:0;bottom:0;left:0;right:0;margin:auto;padding:0;width:22px;height:22px}<\/style>\t\t<div class=\"elementor-spacer\">\n\t\t\t<div class=\"elementor-spacer-inner\"><\/div>\n\t\t<\/div>\n\t\t\t\t<\/div>\n\t\t\t\t<\/div>\n\t\t\t\t<div class=\"elementor-element elementor-element-69fe9b8 elementor-widget elementor-widget-text-editor\" data-id=\"69fe9b8\" data-element_type=\"widget\" data-widget_type=\"text-editor.default\">\n\t\t\t\t<div class=\"elementor-widget-container\">\n\t\t\t<style>\/*! elementor - v3.20.0 - 13-03-2024 *\/\n.elementor-widget-text-editor.elementor-drop-cap-view-stacked .elementor-drop-cap{background-color:#69727d;color:#fff}.elementor-widget-text-editor.elementor-drop-cap-view-framed .elementor-drop-cap{color:#69727d;border:3px solid;background-color:transparent}.elementor-widget-text-editor:not(.elementor-drop-cap-view-default) .elementor-drop-cap{margin-top:8px}.elementor-widget-text-editor:not(.elementor-drop-cap-view-default) .elementor-drop-cap-letter{width:1em;height:1em}.elementor-widget-text-editor .elementor-drop-cap{float:left;text-align:center;line-height:1;font-size:50px}.elementor-widget-text-editor .elementor-drop-cap-letter{display:inline-block}<\/style>\t\t\t\t<p>Bine a\u021bi venit la CUBES, o comunitate privat\u0103 format\u0103 din 8 vile ce ofer\u0103 acces direct la Strada Balan\u021bei \u0219i DN1. Situat la doar 3 minute distan\u021b\u0103 de Aeroportul Henri Coand\u0103, Complexul Comercial Carrefour (DN1 Value Center), Therme \u0219i Autostrada A0, Cubes ofer\u0103 o convenien\u021b\u0103 f\u0103r\u0103 egal. Amplasat la doar 10 minute de B\u0103neasa Mall \u0219i beneficiind de peste 20 de \u0219coli \u0219i gr\u0103dini\u021be \u00een Ilfov, \u00eempreun\u0103 cu facilit\u0103\u021bi sportive, CUBES se adreseaz\u0103 familiilor dinamice ce caut\u0103 siguran\u021b\u0103, intimitate \u0219i lini\u0219te.<\/p><p>Proiectate \u00een jurul unor elemente arhitecturale unice \u0219i finalizate \u00een 2023, vilele Cubes eman\u0103 personalitate autentic\u0103, oferind un cadru ideal pentru familiile moderne. Pozi\u021bionat foarte bine vis-a-vis de accesul pe DN1, pe Strada Balan\u021bei, CUBES ofer\u0103 echilibrul perfect, suficient de aproape de toate facilit\u0103\u021bile \u0219i atrac\u021biile, dar departe de agita\u021bia drumului national \u0219i a principalelor artere din Corbeanca.<\/p><p>Impresionanta arhitectur\u0103 cubist\u0103 a vilor CUBES reflect\u0103 angajamentul dezvoltatorului de a crea o mo\u0219tenire durabil\u0103 \u0219i de a ad\u0103uga valoare comunit\u0103\u021bii din Corbeanca. Sub \u00eendrumarea vizionar\u0103 a unui arhitect renumit, CUBES prezint\u0103 o comunitate privat\u0103 sigur\u0103 \u0219i intim\u0103 pentru doar 8 familii, bucur\u00e2ndu-se de facilit\u0103\u021bile moderne ale acestui ansamblu unic.<\/p><p>Gr\u0103dinile vilelor din CUBES vor include set-up-ul pentru peisagistic\u0103, facilit\u0103\u021bi pentru petrecerea timpului \u00een aer liber \u0219i zone de relaxare \u00een exterior \u00eenconjurate de jardiniere impresionante \u0219i de accente metalice moderne. Reziden\u021bii vor avea acces la un parc privat impresionant de 8.000 de metri p\u0103tra\u021bi \u00een cadrul complexului, dotat cu alei, zone de socializare \u0219i spa\u021bii de joac\u0103 pentru copii.<\/p><p>\u00cen interior, interioarele rafinate realizate cu aten\u021bie meticuloas\u0103 la detalii vor impresiona fiecare vizitator. De la suprafe\u021bele impresionante din sticl\u0103 cu cadre de aluminiu furnizate de Reynaers, la plac\u0103rile din travertin de la parter \u0219i terase, \u0219i b\u0103ile ultramoderne, niciun detaliu nu a fost neglijat la CUBES.<\/p>\t\t\t\t\t\t<\/div>\n\t\t\t\t<\/div>\n\t\t\t\t<div class=\"elementor-element elementor-element-89a95a6 elementor-widget elementor-widget-spacer\" data-id=\"89a95a6\" data-element_type=\"widget\" data-widget_type=\"spacer.default\">\n\t\t\t\t<div class=\"elementor-widget-container\">\n\t\t\t\t\t<div class=\"elementor-spacer\">\n\t\t\t<div class=\"elementor-spacer-inner\"><\/div>\n\t\t<\/div>\n\t\t\t\t<\/div>\n\t\t\t\t<\/div>\n\t\t\t\t\t<\/div>\n\t\t<\/div>\n\t\t\t\t<div class=\"elementor-column elementor-col-50 elementor-top-column elementor-element elementor-element-fa6e22e\" data-id=\"fa6e22e\" data-element_type=\"column\">\n\t\t\t<div class=\"elementor-widget-wrap elementor-element-populated\">\n\t\t\t\t\t\t<div class=\"elementor-element elementor-element-032d029 elementor-widget elementor-widget-spacer\" data-id=\"032d029\" data-element_type=\"widget\" data-widget_type=\"spacer.default\">\n\t\t\t\t<div class=\"elementor-widget-container\">\n\t\t\t\t\t<div class=\"elementor-spacer\">\n\t\t\t<div class=\"elementor-spacer-inner\"><\/div>\n\t\t<\/div>\n\t\t\t\t<\/div>\n\t\t\t\t<\/div>\n\t\t\t\t<div class=\"elementor-element elementor-element-3fd08a5 elementor-widget elementor-widget-image\" data-id=\"3fd08a5\" data-element_type=\"widget\" data-widget_type=\"image.default\">\n\t\t\t\t<div class=\"elementor-widget-container\">\n\t\t\t<style>\/*! elementor - v3.20.0 - 13-03-2024 *\/\n.elementor-widget-image{text-align:center}.elementor-widget-image a{display:inline-block}.elementor-widget-image a img[src$=\".svg\"]{width:48px}.elementor-widget-image img{vertical-align:middle;display:inline-block}<\/style>\t\t\t\t\t\t\t\t\t\t<img fetchpriority=\"high\" decoding=\"async\" width=\"1024\" height=\"461\" src=\"https:\/\/properproperties.ro\/wp-content\/uploads\/2024\/03\/casa-individuala-de-vanzare-4-camere-bucuresti-ilfov-corbeanca-200099041_1000x450-1-1024x461.jpg\" class=\"attachment-large size-large wp-image-18778\" alt=\"\" srcset=\"https:\/\/properproperties.ro\/wp-content\/uploads\/2024\/03\/casa-individuala-de-vanzare-4-camere-bucuresti-ilfov-corbeanca-200099041_1000x450-1-1024x461.jpg 1024w, https:\/\/properproperties.ro\/wp-content\/uploads\/2024\/03\/casa-individuala-de-vanzare-4-camere-bucuresti-ilfov-corbeanca-200099041_1000x450-1-300x135.jpg 300w, https:\/\/properproperties.ro\/wp-content\/uploads\/2024\/03\/casa-individuala-de-vanzare-4-camere-bucuresti-ilfov-corbeanca-200099041_1000x450-1-768x346.jpg 768w, https:\/\/properproperties.ro\/wp-content\/uploads\/2024\/03\/casa-individuala-de-vanzare-4-camere-bucuresti-ilfov-corbeanca-200099041_1000x450-1-1536x691.jpg 1536w, https:\/\/properproperties.ro\/wp-content\/uploads\/2024\/03\/casa-individuala-de-vanzare-4-camere-bucuresti-ilfov-corbeanca-200099041_1000x450-1-1333x600.jpg 1333w, https:\/\/properproperties.ro\/wp-content\/uploads\/2024\/03\/casa-individuala-de-vanzare-4-camere-bucuresti-ilfov-corbeanca-200099041_1000x450-1-496x223.jpg 496w, https:\/\/properproperties.ro\/wp-content\/uploads\/2024\/03\/casa-individuala-de-vanzare-4-camere-bucuresti-ilfov-corbeanca-200099041_1000x450-1.jpg 2000w\" sizes=\"(max-width: 1024px) 100vw, 1024px\" \/>\t\t\t\t\t\t\t\t\t\t\t\t\t<\/div>\n\t\t\t\t<\/div>\n\t\t\t\t<div class=\"elementor-element elementor-element-41a431c elementor-widget elementor-widget-spacer\" data-id=\"41a431c\" data-element_type=\"widget\" data-widget_type=\"spacer.default\">\n\t\t\t\t<div class=\"elementor-widget-container\">\n\t\t\t\t\t<div class=\"elementor-spacer\">\n\t\t\t<div class=\"elementor-spacer-inner\"><\/div>\n\t\t<\/div>\n\t\t\t\t<\/div>\n\t\t\t\t<\/div>\n\t\t\t\t<div class=\"elementor-element elementor-element-316efa7 elementor-widget elementor-widget-image\" data-id=\"316efa7\" data-element_type=\"widget\" data-widget_type=\"image.default\">\n\t\t\t\t<div class=\"elementor-widget-container\">\n\t\t\t\t\t\t\t\t\t\t\t\t\t<img decoding=\"async\" width=\"1024\" height=\"683\" src=\"https:\/\/properproperties.ro\/wp-content\/uploads\/2024\/03\/casa-individuala-de-vanzare-4-camere-bucuresti-ilfov-corbeanca-199203738-1024x683.jpg\" class=\"attachment-large size-large wp-image-18786\" alt=\"\" srcset=\"https:\/\/properproperties.ro\/wp-content\/uploads\/2024\/03\/casa-individuala-de-vanzare-4-camere-bucuresti-ilfov-corbeanca-199203738-1024x683.jpg 1024w, https:\/\/properproperties.ro\/wp-content\/uploads\/2024\/03\/casa-individuala-de-vanzare-4-camere-bucuresti-ilfov-corbeanca-199203738-300x200.jpg 300w, https:\/\/properproperties.ro\/wp-content\/uploads\/2024\/03\/casa-individuala-de-vanzare-4-camere-bucuresti-ilfov-corbeanca-199203738-768x512.jpg 768w, https:\/\/properproperties.ro\/wp-content\/uploads\/2024\/03\/casa-individuala-de-vanzare-4-camere-bucuresti-ilfov-corbeanca-199203738-900x600.jpg 900w, https:\/\/properproperties.ro\/wp-content\/uploads\/2024\/03\/casa-individuala-de-vanzare-4-camere-bucuresti-ilfov-corbeanca-199203738-496x331.jpg 496w, https:\/\/properproperties.ro\/wp-content\/uploads\/2024\/03\/casa-individuala-de-vanzare-4-camere-bucuresti-ilfov-corbeanca-199203738.jpg 1440w\" sizes=\"(max-width: 1024px) 100vw, 1024px\" \/>\t\t\t\t\t\t\t\t\t\t\t\t\t<\/div>\n\t\t\t\t<\/div>\n\t\t\t\t\t<\/div>\n\t\t<\/div>\n\t\t\t\t\t<\/div>\n\t\t<\/section>\n\t\t\t\t<\/div>","protected":false},"excerpt":{"rendered":"<p>About CUBES Welcome to CUBES, a private community of 8 villas offering direct access to Balantei Street and DN1. Located just 3 minutes away from Henri Coanda Airport, Carrefour Commercial Complex (DN1 Value Center), Therme, and A0 Highway, Cubes provides unparalleled convenience. Situated only 10 minutes from Baneasa Mall and boasting over 20 schools and [&hellip;]<\/p>","protected":false},"author":1,"featured_media":0,"parent":7,"menu_order":0,"comment_status":"closed","ping_status":"closed","template":"template\/template-homepage.php","meta":{"_monsterinsights_skip_tracking":false,"_monsterinsights_sitenote_active":false,"_monsterinsights_sitenote_note":"","_monsterinsights_sitenote_category":0,"footnotes":""},"class_list":["post-19021","page","type-page","status-publish","hentry"],"aioseo_notices":[],"_links":{"self":[{"href":"https:\/\/properproperties.ro\/ro\/wp-json\/wp\/v2\/pages\/19021","targetHints":{"allow":["GET"]}}],"collection":[{"href":"https:\/\/properproperties.ro\/ro\/wp-json\/wp\/v2\/pages"}],"about":[{"href":"https:\/\/properproperties.ro\/ro\/wp-json\/wp\/v2\/types\/page"}],"author":[{"embeddable":true,"href":"https:\/\/properproperties.ro\/ro\/wp-json\/wp\/v2\/users\/1"}],"replies":[{"embeddable":true,"href":"https:\/\/properproperties.ro\/ro\/wp-json\/wp\/v2\/comments?post=19021"}],"version-history":[{"count":7,"href":"https:\/\/properproperties.ro\/ro\/wp-json\/wp\/v2\/pages\/19021\/revisions"}],"predecessor-version":[{"id":19149,"href":"https:\/\/properproperties.ro\/ro\/wp-json\/wp\/v2\/pages\/19021\/revisions\/19149"}],"up":[{"embeddable":true,"href":"https:\/\/properproperties.ro\/ro\/wp-json\/wp\/v2\/pages\/7"}],"wp:attachment":[{"href":"https:\/\/properproperties.ro\/ro\/wp-json\/wp\/v2\/media?parent=19021"}],"curies":[{"name":"wp","href":"https:\/\/api.w.org\/{rel}","templated":true}]}}